{"id":20699,"date":"2025-02-13T15:21:08","date_gmt":"2025-02-13T18:21:08","guid":{"rendered":"https:\/\/www.personare.com.br\/servicos\/?post_type=product&#038;p=20699"},"modified":"2026-02-24T12:01:09","modified_gmt":"2026-02-24T15:01:09","slug":"avaliacao-inicial-de-psicoterapia-2","status":"publish","type":"product","link":"https:\/\/www.personare.com.br\/servicos\/produto\/avaliacao-inicial-de-psicoterapia-2\/","title":{"rendered":"Avalia\u00e7\u00e3o Inicial de Psicoterapia"},"content":{"rendered":"<p>Pessoas com ansiedade, crises emocionais ou sintomas depressivos.<br \/>\nMulheres em transi\u00e7\u00f5es importantes (maternidade, menopausa, div\u00f3rcio, luto, mudan\u00e7a de pa\u00eds ou carreira).<br \/>\nQuem sente que precisa de um espa\u00e7o seguro para falar sobre o que sente sem julgamentos.<br \/>\nPessoas que vivem sob alta press\u00e3o ou autocobran\u00e7a e querem aprender a se tratar com mais gentileza.<br \/>\nPessoas que est\u00e3o com dificuldade nos relacionamentos (amoroso, familiar, profissional&#8230;)<br \/>\n\u00a0Para quem est\u00e1 insatisfeito(a) com o trabalho\/profiss\u00e3o<br \/>\nSe voc\u00ea sente que precisa de um espa\u00e7o seguro para falar sobre o que te preocupa, entender melhor suas emo\u00e7\u00f5es e buscar formas mais saud\u00e1veis de lidar com a vida, a avalia\u00e7\u00e3o inicial \u00e9 o primeiro passo.<br \/>\nAgende sua sess\u00e3o e vamos juntas descobrir o que faz sentido para voc\u00ea!<\/p>\n","protected":false},"excerpt":{"rendered":"<p>Voc\u00ea se reconhece nessa hist\u00f3ria?<br \/>\nA mente n\u00e3o para. Seus pensamentos s\u00e3o acelerados, perturbados, e voc\u00ea est\u00e1 cansada de se preocupar \u2014 aquela sensa\u00e7\u00e3o de que \u00e9 imposs\u00edvel desligar, nem \u00e0 noite, nem nos momentos de pausa.<br \/>\nFalta energia e confian\u00e7a. Voc\u00ea j\u00e1 sofreu tanto, j\u00e1 correu tanto, j\u00e1 tentou tanto que est\u00e1 cada vez mais dif\u00edcil confiar na vida, e a sensa\u00e7\u00e3o \u00e9 que agora voc\u00ea est\u00e1 apenas &#8220;sobrevivendo&#8221;, ao inv\u00e9s de realmente vivendo. O cansa\u00e7o \u00e9 existencial.<br \/>\nOs relacionamentos tamb\u00e9m podem machucar. Talvez estabelecer limites pare\u00e7a imposs\u00edvel para voc\u00ea. Ou talvez voc\u00ea atraia situa\u00e7\u00f5es de trai\u00e7\u00e3o, desrespeito, que se repetem em ciclos dolorosos \u2014 nos relacionamentos amorosos, familiares ou de trabalho.<br \/>\nVoc\u00ea sente que n\u00e3o \u00e9 &#8220;suficiente&#8221;. As expectativas sobre si mesma s\u00e3o t\u00e3o altas que qualquer falha parece uma cat\u00e1strofe. Voc\u00ea trabalha demais, cuida de todos, coloca a si mesma sempre em \u00faltimo lugar \u2014 at\u00e9 que um dia o esgotamento bate \u00e0 porta.<br \/>\nE ent\u00e3o vem o vazio. A depress\u00e3o. Aquela sensa\u00e7\u00e3o de que algo importante se perdeu no caminho.<br \/>\nSe voc\u00ea se reconhece aqui, voc\u00ea n\u00e3o est\u00e1 sozinha.<br \/>\nTrabalho com mulheres que vivenciam exatamente isso. Vamos conversar sobre o que voc\u00ea est\u00e1 vivenciando em uma primeira sess\u00e3o de avalia\u00e7\u00e3o \u2014 um espa\u00e7o seguro para explorar o que te trouxe at\u00e9 aqui e encontrar um caminho diferente.<\/p>\n","protected":false},"featured_media":11999,"comment_status":"open","ping_status":"closed","template":"","meta":{"_acf_changed":false,"footnotes":""},"product_brand":[],"product_cat":[52],"product_tag":[],"areas-da-vida":[163],"estudos-e-terapias":[146,147],"dores-e-objetivos":[82,215,89,92,99,191],"acf":[],"yoast_head":"<!-- This site is optimized with the Yoast SEO plugin v19.6.1 - https:\/\/yoast.com\/wordpress\/plugins\/seo\/ -->\n<title>Avalia\u00e7\u00e3o Inicial de Psicoterapia - Personare Servi\u00e7os<\/title>\n<meta name=\"description\" content=\"Nem sempre conseguimos enxergar sozinhos o que nos trava ou encontrar clareza sobre o que sentimos. \u00c0s vezes, estamos lidando com um turbilh\u00e3o de emo\u00e7\u00f5es sem saber exatamente por onde come\u00e7ar. A avalia\u00e7\u00e3o inicial de psicoterapia \u00e9 o primeiro passo para entender o que voc\u00ea est\u00e1 vivendo e como a terapia pode te ajudar. Essa sess\u00e3o tem um valor reduzido e funciona como uma anamnese: um momento para que voc\u00ea possa falar sobre suas quest\u00f5es, compreender a abordagem terap\u00eautica e definir, junto comigo, a melhor frequ\u00eancia de atendimento para suas necessidades. Se voc\u00ea sente que a ansiedade, a d\u00favida, culpa ou medo t\u00eam te paralisado, se enfrenta um momento de transi\u00e7\u00e3o, luto ou mudan\u00e7a, ou se simplesmente sente que precisa de um espa\u00e7o seguro para entender melhor seus sentimentos, essa sess\u00e3o pode ser um excelente come\u00e7o.\" \/>\n<meta name=\"robots\" content=\"index, follow, max-snippet:-1, max-image-preview:large, max-video-preview:-1\" \/>\n<link rel=\"canonical\" href=\"https:\/\/www.personare.com.br\/servicos\/produto\/avaliacao-inicial-de-psicoterapia-2\/\" \/>\n<meta property=\"og:locale\" content=\"pt_BR\" \/>\n<meta property=\"og:type\" content=\"article\" \/>\n<meta property=\"og:title\" content=\"Avalia\u00e7\u00e3o Inicial de Psicoterapia - Personare Servi\u00e7os\" \/>\n<meta property=\"og:description\" content=\"Nem sempre conseguimos enxergar sozinhos o que nos trava ou encontrar clareza sobre o que sentimos. \u00c0s vezes, estamos lidando com um turbilh\u00e3o de emo\u00e7\u00f5es sem saber exatamente por onde come\u00e7ar. A avalia\u00e7\u00e3o inicial de psicoterapia \u00e9 o primeiro passo para entender o que voc\u00ea est\u00e1 vivendo e como a terapia pode te ajudar. Essa sess\u00e3o tem um valor reduzido e funciona como uma anamnese: um momento para que voc\u00ea possa falar sobre suas quest\u00f5es, compreender a abordagem terap\u00eautica e definir, junto comigo, a melhor frequ\u00eancia de atendimento para suas necessidades. Se voc\u00ea sente que a ansiedade, a d\u00favida, culpa ou medo t\u00eam te paralisado, se enfrenta um momento de transi\u00e7\u00e3o, luto ou mudan\u00e7a, ou se simplesmente sente que precisa de um espa\u00e7o seguro para entender melhor seus sentimentos, essa sess\u00e3o pode ser um excelente come\u00e7o.\" \/>\n<meta property=\"og:url\" content=\"https:\/\/www.personare.com.br\/servicos\/produto\/avaliacao-inicial-de-psicoterapia-2\/\" \/>\n<meta property=\"og:site_name\" content=\"Personare Servi\u00e7os\" \/>\n<meta property=\"article:modified_time\" content=\"2026-02-24T15:01:09+00:00\" \/>\n<meta property=\"og:image\" content=\"https:\/\/d2t4cfkrxg4dhd.cloudfront.net\/app\/uploads\/2021\/04\/TATIANA-MAGALHAES-1.jpg\" \/>\n\t<meta property=\"og:image:width\" content=\"1593\" \/>\n\t<meta property=\"og:image:height\" content=\"1410\" \/>\n\t<meta property=\"og:image:type\" content=\"image\/jpeg\" \/>\n<meta name=\"twitter:card\" content=\"summary_large_image\" \/>\n<meta name=\"twitter:label1\" content=\"Est. tempo de leitura\" \/>\n\t<meta name=\"twitter:data1\" content=\"1 minuto\" \/>\n<script type=\"application\/ld+json\" class=\"yoast-schema-graph\">{\"@context\":\"https:\/\/schema.org\",\"@graph\":[{\"@type\":\"WebPage\",\"@id\":\"https:\/\/www.personare.com.br\/servicos\/produto\/avaliacao-inicial-de-psicoterapia-2\/\",\"url\":\"https:\/\/www.personare.com.br\/servicos\/produto\/avaliacao-inicial-de-psicoterapia-2\/\",\"name\":\"Avalia\u00e7\u00e3o Inicial de Psicoterapia - Personare Servi\u00e7os\",\"isPartOf\":{\"@id\":\"https:\/\/www.personare.com.br\/servicos\/#website\"},\"datePublished\":\"2025-02-13T18:21:08+00:00\",\"dateModified\":\"2026-02-24T15:01:09+00:00\",\"description\":\"Nem sempre conseguimos enxergar sozinhos o que nos trava ou encontrar clareza sobre o que sentimos. \u00c0s vezes, estamos lidando com um turbilh\u00e3o de emo\u00e7\u00f5es sem saber exatamente por onde come\u00e7ar. A avalia\u00e7\u00e3o inicial de psicoterapia \u00e9 o primeiro passo para entender o que voc\u00ea est\u00e1 vivendo e como a terapia pode te ajudar. Essa sess\u00e3o tem um valor reduzido e funciona como uma anamnese: um momento para que voc\u00ea possa falar sobre suas quest\u00f5es, compreender a abordagem terap\u00eautica e definir, junto comigo, a melhor frequ\u00eancia de atendimento para suas necessidades. Se voc\u00ea sente que a ansiedade, a d\u00favida, culpa ou medo t\u00eam te paralisado, se enfrenta um momento de transi\u00e7\u00e3o, luto ou mudan\u00e7a, ou se simplesmente sente que precisa de um espa\u00e7o seguro para entender melhor seus sentimentos, essa sess\u00e3o pode ser um excelente come\u00e7o.\",\"breadcrumb\":{\"@id\":\"https:\/\/www.personare.com.br\/servicos\/produto\/avaliacao-inicial-de-psicoterapia-2\/#breadcrumb\"},\"inLanguage\":\"pt-BR\",\"potentialAction\":[{\"@type\":\"ReadAction\",\"target\":[\"https:\/\/www.personare.com.br\/servicos\/produto\/avaliacao-inicial-de-psicoterapia-2\/\"]}]},{\"@type\":\"BreadcrumbList\",\"@id\":\"https:\/\/www.personare.com.br\/servicos\/produto\/avaliacao-inicial-de-psicoterapia-2\/#breadcrumb\",\"itemListElement\":[{\"@type\":\"ListItem\",\"position\":1,\"name\":\"In\u00edcio\",\"item\":\"https:\/\/www.personare.com.br\/servicos\/\"},{\"@type\":\"ListItem\",\"position\":2,\"name\":\"Loja\",\"item\":\"https:\/\/www.personare.com.br\/servicos\/busca\/\"},{\"@type\":\"ListItem\",\"position\":3,\"name\":\"Avalia\u00e7\u00e3o Inicial de Psicoterapia\"}]},{\"@type\":\"WebSite\",\"@id\":\"https:\/\/www.personare.com.br\/servicos\/#website\",\"url\":\"https:\/\/www.personare.com.br\/servicos\/\",\"name\":\"Personare Servi\u00e7os\",\"description\":\"Agende Consultas e Terapias Online no Personare\",\"publisher\":{\"@id\":\"https:\/\/www.personare.com.br\/servicos\/#organization\"},\"potentialAction\":[{\"@type\":\"SearchAction\",\"target\":{\"@type\":\"EntryPoint\",\"urlTemplate\":\"https:\/\/www.personare.com.br\/servicos\/?s={search_term_string}\"},\"query-input\":\"required name=search_term_string\"}],\"inLanguage\":\"pt-BR\"},{\"@type\":\"Organization\",\"@id\":\"https:\/\/www.personare.com.br\/servicos\/#organization\",\"name\":\"Personare\",\"url\":\"https:\/\/www.personare.com.br\/servicos\/\",\"sameAs\":[],\"logo\":{\"@type\":\"ImageObject\",\"inLanguage\":\"pt-BR\",\"@id\":\"https:\/\/www.personare.com.br\/servicos\/#\/schema\/logo\/image\/\",\"url\":\"https:\/\/d2t4cfkrxg4dhd.cloudfront.net\/app\/uploads\/2021\/04\/70295ca5d3b1be44570b5e6d0854fa942edb2ab6.png\",\"contentUrl\":\"https:\/\/d2t4cfkrxg4dhd.cloudfront.net\/app\/uploads\/2021\/04\/70295ca5d3b1be44570b5e6d0854fa942edb2ab6.png\",\"width\":650,\"height\":554,\"caption\":\"Personare\"},\"image\":{\"@id\":\"https:\/\/www.personare.com.br\/servicos\/#\/schema\/logo\/image\/\"}}]}<\/script>\n<!-- \/ Yoast SEO plugin. -->","yoast_head_json":{"title":"Avalia\u00e7\u00e3o Inicial de Psicoterapia - Personare Servi\u00e7os","description":"Nem sempre conseguimos enxergar sozinhos o que nos trava ou encontrar clareza sobre o que sentimos. \u00c0s vezes, estamos lidando com um turbilh\u00e3o de emo\u00e7\u00f5es sem saber exatamente por onde come\u00e7ar. A avalia\u00e7\u00e3o inicial de psicoterapia \u00e9 o primeiro passo para entender o que voc\u00ea est\u00e1 vivendo e como a terapia pode te ajudar. Essa sess\u00e3o tem um valor reduzido e funciona como uma anamnese: um momento para que voc\u00ea possa falar sobre suas quest\u00f5es, compreender a abordagem terap\u00eautica e definir, junto comigo, a melhor frequ\u00eancia de atendimento para suas necessidades. Se voc\u00ea sente que a ansiedade, a d\u00favida, culpa ou medo t\u00eam te paralisado, se enfrenta um momento de transi\u00e7\u00e3o, luto ou mudan\u00e7a, ou se simplesmente sente que precisa de um espa\u00e7o seguro para entender melhor seus sentimentos, essa sess\u00e3o pode ser um excelente come\u00e7o.","robots":{"index":"index","follow":"follow","max-snippet":"max-snippet:-1","max-image-preview":"max-image-preview:large","max-video-preview":"max-video-preview:-1"},"canonical":"https:\/\/www.personare.com.br\/servicos\/produto\/avaliacao-inicial-de-psicoterapia-2\/","og_locale":"pt_BR","og_type":"article","og_title":"Avalia\u00e7\u00e3o Inicial de Psicoterapia - Personare Servi\u00e7os","og_description":"Nem sempre conseguimos enxergar sozinhos o que nos trava ou encontrar clareza sobre o que sentimos. \u00c0s vezes, estamos lidando com um turbilh\u00e3o de emo\u00e7\u00f5es sem saber exatamente por onde come\u00e7ar. A avalia\u00e7\u00e3o inicial de psicoterapia \u00e9 o primeiro passo para entender o que voc\u00ea est\u00e1 vivendo e como a terapia pode te ajudar. Essa sess\u00e3o tem um valor reduzido e funciona como uma anamnese: um momento para que voc\u00ea possa falar sobre suas quest\u00f5es, compreender a abordagem terap\u00eautica e definir, junto comigo, a melhor frequ\u00eancia de atendimento para suas necessidades. Se voc\u00ea sente que a ansiedade, a d\u00favida, culpa ou medo t\u00eam te paralisado, se enfrenta um momento de transi\u00e7\u00e3o, luto ou mudan\u00e7a, ou se simplesmente sente que precisa de um espa\u00e7o seguro para entender melhor seus sentimentos, essa sess\u00e3o pode ser um excelente come\u00e7o.","og_url":"https:\/\/www.personare.com.br\/servicos\/produto\/avaliacao-inicial-de-psicoterapia-2\/","og_site_name":"Personare Servi\u00e7os","article_modified_time":"2026-02-24T15:01:09+00:00","og_image":[{"width":1593,"height":1410,"url":"https:\/\/d2t4cfkrxg4dhd.cloudfront.net\/app\/uploads\/2021\/04\/TATIANA-MAGALHAES-1.jpg","type":"image\/jpeg"}],"twitter_card":"summary_large_image","twitter_misc":{"Est. tempo de leitura":"1 minuto"},"schema":{"@context":"https:\/\/schema.org","@graph":[{"@type":"WebPage","@id":"https:\/\/www.personare.com.br\/servicos\/produto\/avaliacao-inicial-de-psicoterapia-2\/","url":"https:\/\/www.personare.com.br\/servicos\/produto\/avaliacao-inicial-de-psicoterapia-2\/","name":"Avalia\u00e7\u00e3o Inicial de Psicoterapia - Personare Servi\u00e7os","isPartOf":{"@id":"https:\/\/www.personare.com.br\/servicos\/#website"},"datePublished":"2025-02-13T18:21:08+00:00","dateModified":"2026-02-24T15:01:09+00:00","description":"Nem sempre conseguimos enxergar sozinhos o que nos trava ou encontrar clareza sobre o que sentimos. \u00c0s vezes, estamos lidando com um turbilh\u00e3o de emo\u00e7\u00f5es sem saber exatamente por onde come\u00e7ar. A avalia\u00e7\u00e3o inicial de psicoterapia \u00e9 o primeiro passo para entender o que voc\u00ea est\u00e1 vivendo e como a terapia pode te ajudar. Essa sess\u00e3o tem um valor reduzido e funciona como uma anamnese: um momento para que voc\u00ea possa falar sobre suas quest\u00f5es, compreender a abordagem terap\u00eautica e definir, junto comigo, a melhor frequ\u00eancia de atendimento para suas necessidades. Se voc\u00ea sente que a ansiedade, a d\u00favida, culpa ou medo t\u00eam te paralisado, se enfrenta um momento de transi\u00e7\u00e3o, luto ou mudan\u00e7a, ou se simplesmente sente que precisa de um espa\u00e7o seguro para entender melhor seus sentimentos, essa sess\u00e3o pode ser um excelente come\u00e7o.","breadcrumb":{"@id":"https:\/\/www.personare.com.br\/servicos\/produto\/avaliacao-inicial-de-psicoterapia-2\/#breadcrumb"},"inLanguage":"pt-BR","potentialAction":[{"@type":"ReadAction","target":["https:\/\/www.personare.com.br\/servicos\/produto\/avaliacao-inicial-de-psicoterapia-2\/"]}]},{"@type":"BreadcrumbList","@id":"https:\/\/www.personare.com.br\/servicos\/produto\/avaliacao-inicial-de-psicoterapia-2\/#breadcrumb","itemListElement":[{"@type":"ListItem","position":1,"name":"In\u00edcio","item":"https:\/\/www.personare.com.br\/servicos\/"},{"@type":"ListItem","position":2,"name":"Loja","item":"https:\/\/www.personare.com.br\/servicos\/busca\/"},{"@type":"ListItem","position":3,"name":"Avalia\u00e7\u00e3o Inicial de Psicoterapia"}]},{"@type":"WebSite","@id":"https:\/\/www.personare.com.br\/servicos\/#website","url":"https:\/\/www.personare.com.br\/servicos\/","name":"Personare Servi\u00e7os","description":"Agende Consultas e Terapias Online no Personare","publisher":{"@id":"https:\/\/www.personare.com.br\/servicos\/#organization"},"potentialAction":[{"@type":"SearchAction","target":{"@type":"EntryPoint","urlTemplate":"https:\/\/www.personare.com.br\/servicos\/?s={search_term_string}"},"query-input":"required name=search_term_string"}],"inLanguage":"pt-BR"},{"@type":"Organization","@id":"https:\/\/www.personare.com.br\/servicos\/#organization","name":"Personare","url":"https:\/\/www.personare.com.br\/servicos\/","sameAs":[],"logo":{"@type":"ImageObject","inLanguage":"pt-BR","@id":"https:\/\/www.personare.com.br\/servicos\/#\/schema\/logo\/image\/","url":"https:\/\/d2t4cfkrxg4dhd.cloudfront.net\/app\/uploads\/2021\/04\/70295ca5d3b1be44570b5e6d0854fa942edb2ab6.png","contentUrl":"https:\/\/d2t4cfkrxg4dhd.cloudfront.net\/app\/uploads\/2021\/04\/70295ca5d3b1be44570b5e6d0854fa942edb2ab6.png","width":650,"height":554,"caption":"Personare"},"image":{"@id":"https:\/\/www.personare.com.br\/servicos\/#\/schema\/logo\/image\/"}}]}},"_links":{"self":[{"href":"https:\/\/www.personare.com.br\/servicos\/wp-json\/wp\/v2\/product\/20699"}],"collection":[{"href":"https:\/\/www.personare.com.br\/servicos\/wp-json\/wp\/v2\/product"}],"about":[{"href":"https:\/\/www.personare.com.br\/servicos\/wp-json\/wp\/v2\/types\/product"}],"replies":[{"embeddable":true,"href":"https:\/\/www.personare.com.br\/servicos\/wp-json\/wp\/v2\/comments?post=20699"}],"version-history":[{"count":14,"href":"https:\/\/www.personare.com.br\/servicos\/wp-json\/wp\/v2\/product\/20699\/revisions"}],"predecessor-version":[{"id":24343,"href":"https:\/\/www.personare.com.br\/servicos\/wp-json\/wp\/v2\/product\/20699\/revisions\/24343"}],"wp:featuredmedia":[{"embeddable":true,"href":"https:\/\/www.personare.com.br\/servicos\/wp-json\/wp\/v2\/media\/11999"}],"wp:attachment":[{"href":"https:\/\/www.personare.com.br\/servicos\/wp-json\/wp\/v2\/media?parent=20699"}],"wp:term":[{"taxonomy":"product_brand","embeddable":true,"href":"https:\/\/www.personare.com.br\/servicos\/wp-json\/wp\/v2\/product_brand?post=20699"},{"taxonomy":"product_cat","embeddable":true,"href":"https:\/\/www.personare.com.br\/servicos\/wp-json\/wp\/v2\/product_cat?post=20699"},{"taxonomy":"product_tag","embeddable":true,"href":"https:\/\/www.personare.com.br\/servicos\/wp-json\/wp\/v2\/product_tag?post=20699"},{"taxonomy":"areas-da-vida","embeddable":true,"href":"https:\/\/www.personare.com.br\/servicos\/wp-json\/wp\/v2\/areas-da-vida?post=20699"},{"taxonomy":"estudos-e-terapias","embeddable":true,"href":"https:\/\/www.personare.com.br\/servicos\/wp-json\/wp\/v2\/estudos-e-terapias?post=20699"},{"taxonomy":"dores-e-objetivos","embeddable":true,"href":"https:\/\/www.personare.com.br\/servicos\/wp-json\/wp\/v2\/dores-e-objetivos?post=20699"}],"curies":[{"name":"wp","href":"https:\/\/api.w.org\/{rel}","templated":true}]}}