{"id":18103,"date":"2024-08-20T16:28:23","date_gmt":"2024-08-20T19:28:23","guid":{"rendered":"https:\/\/www.personare.com.br\/servicos\/?post_type=product&#038;p=18103"},"modified":"2026-01-22T18:36:03","modified_gmt":"2026-01-22T21:36:03","slug":"camara-de-luz-vibracional-e-energetica","status":"publish","type":"product","link":"https:\/\/www.personare.com.br\/servicos\/produto\/camara-de-luz-vibracional-e-energetica\/","title":{"rendered":"C\u00e2mara de Luz Vibracional e Energ\u00e9tica"},"content":{"rendered":"<p>Pessoas transi\u00e7\u00f5es profissionais ou pessoais: quem est\u00e1 mudando de carreira, encerrando ciclos ou iniciando novos projetos.<\/p>\n<p>Para quem precisa tomar decis\u00f5es importantes: para momentos que exigem clareza mental e emocional ampliada.<\/p>\n<p>Pessoas sob alta demanda e responsabilidade: l\u00edderes, cuidadores, empreendedores ou qualquer pessoa em fase de excesso de tarefas.<\/p>\n<p>Quem est\u00e1 buscando consist\u00eancia no autocuidado: pessoas que buscam um suporte cont\u00ednuo, que complemente outras terapias e pr\u00e1ticas.<\/p>\n<p>Pessoas sentindo instabilidade emocional ou mental: quando as bases internas parecem fr\u00e1geis e precisam de refor\u00e7o.<\/p>\n<p>A C\u00e2mara de Luz n\u00e3o substitui uma terapia de limpeza profunda, ela fortalece as funda\u00e7\u00f5es para que voc\u00ea possa viver e decidir a partir de um lugar de for\u00e7a interna renovada.<\/p>\n<p>Fortale\u00e7a suas bases energ\u00e9ticas e ative potenciais necess\u00e1rios para o seu momento.<\/p>\n","protected":false},"excerpt":{"rendered":"<p>A C\u00e2mara de Luz \u00e9 uma terapia bioenerg\u00e9tica que restaura o equil\u00edbrio dos corpos f\u00edsico, mental, emocional e energ\u00e9tico. Ativa, redefine e modula as vibra\u00e7\u00f5es para ajustar a sua energia pessoal ou dar sustenta\u00e7\u00e3o em situa\u00e7\u00f5es de emerg\u00eancia ou cr\u00edticas que geram medo ou ansiedade.<\/p>\n<p>A C\u00e2mara de Luz \u00e9 uma tecnologia de suporte energ\u00e9tico projetada para quem precisa de for\u00e7a cont\u00ednua e resili\u00eancia vibracional. Enquanto outras terapias promovem limpeza ou alinhamento pontual, esta ferramenta atua na ativa\u00e7\u00e3o profunda e na sustenta\u00e7\u00e3o duradoura do seu campo, fortalecendo voc\u00ea para navegar em fases de transi\u00e7\u00e3o, decis\u00f5es importantes ou alta demanda com clareza e equil\u00edbrio.<\/p>\n<p>Pense em uma ferramenta de suporte energ\u00e9tico que mant\u00e9m sua frequ\u00eancia elevada e seu campo \u00edntegro, mesmo quando a vida exige mais de voc\u00ea.<br \/>Esta abordagem utiliza frequ\u00eancias espec\u00edficas para trabalhar em duas frentes principais:<\/p>\n<p><strong>Ativa\u00e7\u00e3o:<\/strong> Estimula e potencializa as suas Pot\u00eancias internas e recursos energ\u00e9ticos, reconectando voc\u00ea com sua ess\u00eancia e capacidade de a\u00e7\u00e3o.<\/p>\n<p><strong>Sustenta\u00e7\u00e3o:<\/strong> Cria uma estrutura de apoio vibracional que ajuda a manter a clareza, o foco e o alinhamento interior, prevenindo o esgotamento e a dispers\u00e3o.<\/p>\n","protected":false},"featured_media":13918,"comment_status":"open","ping_status":"closed","template":"","meta":{"_acf_changed":false,"footnotes":""},"product_brand":[],"product_cat":[52],"product_tag":[],"areas-da-vida":[163,168],"estudos-e-terapias":[126,208,140,158],"dores-e-objetivos":[82,104,191],"acf":[],"yoast_head":"<!-- This site is optimized with the Yoast SEO plugin v19.6.1 - https:\/\/yoast.com\/wordpress\/plugins\/seo\/ -->\n<title>C\u00e2mara de Luz Vibracional e Energ\u00e9tica - Personare Servi\u00e7os<\/title>\n<meta name=\"description\" content=\"C\u00e2mara de Luz vibracional e energ\u00e9tica com Simone Kobayashi, uma terapia bioenerg\u00e9tica que restaura o equil\u00edbrio f\u00edsico, mental e emocional. Ideal para momentos de crise, medo ou ansiedade, e para prepara\u00e7\u00e3o para desafios. Experimente ajustes profundos e relaxamento\" \/>\n<meta name=\"robots\" content=\"index, follow, max-snippet:-1, max-image-preview:large, max-video-preview:-1\" \/>\n<link rel=\"canonical\" href=\"https:\/\/www.personare.com.br\/servicos\/produto\/camara-de-luz-vibracional-e-energetica\/\" \/>\n<meta property=\"og:locale\" content=\"pt_BR\" \/>\n<meta property=\"og:type\" content=\"article\" \/>\n<meta property=\"og:title\" content=\"C\u00e2mara de Luz Vibracional e Energ\u00e9tica - Personare Servi\u00e7os\" \/>\n<meta property=\"og:description\" content=\"C\u00e2mara de Luz vibracional e energ\u00e9tica com Simone Kobayashi, uma terapia bioenerg\u00e9tica que restaura o equil\u00edbrio f\u00edsico, mental e emocional. Ideal para momentos de crise, medo ou ansiedade, e para prepara\u00e7\u00e3o para desafios. Experimente ajustes profundos e relaxamento\" \/>\n<meta property=\"og:url\" content=\"https:\/\/www.personare.com.br\/servicos\/produto\/camara-de-luz-vibracional-e-energetica\/\" \/>\n<meta property=\"og:site_name\" content=\"Personare Servi\u00e7os\" \/>\n<meta property=\"article:modified_time\" content=\"2026-01-22T21:36:03+00:00\" \/>\n<meta property=\"og:image\" content=\"https:\/\/d2t4cfkrxg4dhd.cloudfront.net\/app\/uploads\/2021\/04\/9564_piHKwom5ny7HfABOYy1F46hewNn2GemMX1D7roigkEY.jpeg\" \/>\n\t<meta property=\"og:image:width\" content=\"1280\" \/>\n\t<meta property=\"og:image:height\" content=\"853\" \/>\n\t<meta property=\"og:image:type\" content=\"image\/jpeg\" \/>\n<meta name=\"twitter:card\" content=\"summary_large_image\" \/>\n<meta name=\"twitter:label1\" content=\"Est. tempo de leitura\" \/>\n\t<meta name=\"twitter:data1\" content=\"1 minuto\" \/>\n<script type=\"application\/ld+json\" class=\"yoast-schema-graph\">{\"@context\":\"https:\/\/schema.org\",\"@graph\":[{\"@type\":\"WebPage\",\"@id\":\"https:\/\/www.personare.com.br\/servicos\/produto\/camara-de-luz-vibracional-e-energetica\/\",\"url\":\"https:\/\/www.personare.com.br\/servicos\/produto\/camara-de-luz-vibracional-e-energetica\/\",\"name\":\"C\u00e2mara de Luz Vibracional e Energ\u00e9tica - Personare Servi\u00e7os\",\"isPartOf\":{\"@id\":\"https:\/\/www.personare.com.br\/servicos\/#website\"},\"datePublished\":\"2024-08-20T19:28:23+00:00\",\"dateModified\":\"2026-01-22T21:36:03+00:00\",\"description\":\"C\u00e2mara de Luz vibracional e energ\u00e9tica com Simone Kobayashi, uma terapia bioenerg\u00e9tica que restaura o equil\u00edbrio f\u00edsico, mental e emocional. Ideal para momentos de crise, medo ou ansiedade, e para prepara\u00e7\u00e3o para desafios. Experimente ajustes profundos e relaxamento\",\"breadcrumb\":{\"@id\":\"https:\/\/www.personare.com.br\/servicos\/produto\/camara-de-luz-vibracional-e-energetica\/#breadcrumb\"},\"inLanguage\":\"pt-BR\",\"potentialAction\":[{\"@type\":\"ReadAction\",\"target\":[\"https:\/\/www.personare.com.br\/servicos\/produto\/camara-de-luz-vibracional-e-energetica\/\"]}]},{\"@type\":\"BreadcrumbList\",\"@id\":\"https:\/\/www.personare.com.br\/servicos\/produto\/camara-de-luz-vibracional-e-energetica\/#breadcrumb\",\"itemListElement\":[{\"@type\":\"ListItem\",\"position\":1,\"name\":\"In\u00edcio\",\"item\":\"https:\/\/www.personare.com.br\/servicos\/\"},{\"@type\":\"ListItem\",\"position\":2,\"name\":\"Loja\",\"item\":\"https:\/\/www.personare.com.br\/servicos\/busca\/\"},{\"@type\":\"ListItem\",\"position\":3,\"name\":\"C\u00e2mara de Luz Vibracional e Energ\u00e9tica\"}]},{\"@type\":\"WebSite\",\"@id\":\"https:\/\/www.personare.com.br\/servicos\/#website\",\"url\":\"https:\/\/www.personare.com.br\/servicos\/\",\"name\":\"Personare Servi\u00e7os\",\"description\":\"Agende Consultas e Terapias Online no Personare\",\"publisher\":{\"@id\":\"https:\/\/www.personare.com.br\/servicos\/#organization\"},\"potentialAction\":[{\"@type\":\"SearchAction\",\"target\":{\"@type\":\"EntryPoint\",\"urlTemplate\":\"https:\/\/www.personare.com.br\/servicos\/?s={search_term_string}\"},\"query-input\":\"required name=search_term_string\"}],\"inLanguage\":\"pt-BR\"},{\"@type\":\"Organization\",\"@id\":\"https:\/\/www.personare.com.br\/servicos\/#organization\",\"name\":\"Personare\",\"url\":\"https:\/\/www.personare.com.br\/servicos\/\",\"sameAs\":[],\"logo\":{\"@type\":\"ImageObject\",\"inLanguage\":\"pt-BR\",\"@id\":\"https:\/\/www.personare.com.br\/servicos\/#\/schema\/logo\/image\/\",\"url\":\"https:\/\/d2t4cfkrxg4dhd.cloudfront.net\/app\/uploads\/2021\/04\/70295ca5d3b1be44570b5e6d0854fa942edb2ab6.png\",\"contentUrl\":\"https:\/\/d2t4cfkrxg4dhd.cloudfront.net\/app\/uploads\/2021\/04\/70295ca5d3b1be44570b5e6d0854fa942edb2ab6.png\",\"width\":650,\"height\":554,\"caption\":\"Personare\"},\"image\":{\"@id\":\"https:\/\/www.personare.com.br\/servicos\/#\/schema\/logo\/image\/\"}}]}<\/script>\n<!-- \/ Yoast SEO plugin. -->","yoast_head_json":{"title":"C\u00e2mara de Luz Vibracional e Energ\u00e9tica - Personare Servi\u00e7os","description":"C\u00e2mara de Luz vibracional e energ\u00e9tica com Simone Kobayashi, uma terapia bioenerg\u00e9tica que restaura o equil\u00edbrio f\u00edsico, mental e emocional. Ideal para momentos de crise, medo ou ansiedade, e para prepara\u00e7\u00e3o para desafios. Experimente ajustes profundos e relaxamento","robots":{"index":"index","follow":"follow","max-snippet":"max-snippet:-1","max-image-preview":"max-image-preview:large","max-video-preview":"max-video-preview:-1"},"canonical":"https:\/\/www.personare.com.br\/servicos\/produto\/camara-de-luz-vibracional-e-energetica\/","og_locale":"pt_BR","og_type":"article","og_title":"C\u00e2mara de Luz Vibracional e Energ\u00e9tica - Personare Servi\u00e7os","og_description":"C\u00e2mara de Luz vibracional e energ\u00e9tica com Simone Kobayashi, uma terapia bioenerg\u00e9tica que restaura o equil\u00edbrio f\u00edsico, mental e emocional. Ideal para momentos de crise, medo ou ansiedade, e para prepara\u00e7\u00e3o para desafios. Experimente ajustes profundos e relaxamento","og_url":"https:\/\/www.personare.com.br\/servicos\/produto\/camara-de-luz-vibracional-e-energetica\/","og_site_name":"Personare Servi\u00e7os","article_modified_time":"2026-01-22T21:36:03+00:00","og_image":[{"width":1280,"height":853,"url":"https:\/\/d2t4cfkrxg4dhd.cloudfront.net\/app\/uploads\/2021\/04\/9564_piHKwom5ny7HfABOYy1F46hewNn2GemMX1D7roigkEY.jpeg","type":"image\/jpeg"}],"twitter_card":"summary_large_image","twitter_misc":{"Est. tempo de leitura":"1 minuto"},"schema":{"@context":"https:\/\/schema.org","@graph":[{"@type":"WebPage","@id":"https:\/\/www.personare.com.br\/servicos\/produto\/camara-de-luz-vibracional-e-energetica\/","url":"https:\/\/www.personare.com.br\/servicos\/produto\/camara-de-luz-vibracional-e-energetica\/","name":"C\u00e2mara de Luz Vibracional e Energ\u00e9tica - Personare Servi\u00e7os","isPartOf":{"@id":"https:\/\/www.personare.com.br\/servicos\/#website"},"datePublished":"2024-08-20T19:28:23+00:00","dateModified":"2026-01-22T21:36:03+00:00","description":"C\u00e2mara de Luz vibracional e energ\u00e9tica com Simone Kobayashi, uma terapia bioenerg\u00e9tica que restaura o equil\u00edbrio f\u00edsico, mental e emocional. Ideal para momentos de crise, medo ou ansiedade, e para prepara\u00e7\u00e3o para desafios. Experimente ajustes profundos e relaxamento","breadcrumb":{"@id":"https:\/\/www.personare.com.br\/servicos\/produto\/camara-de-luz-vibracional-e-energetica\/#breadcrumb"},"inLanguage":"pt-BR","potentialAction":[{"@type":"ReadAction","target":["https:\/\/www.personare.com.br\/servicos\/produto\/camara-de-luz-vibracional-e-energetica\/"]}]},{"@type":"BreadcrumbList","@id":"https:\/\/www.personare.com.br\/servicos\/produto\/camara-de-luz-vibracional-e-energetica\/#breadcrumb","itemListElement":[{"@type":"ListItem","position":1,"name":"In\u00edcio","item":"https:\/\/www.personare.com.br\/servicos\/"},{"@type":"ListItem","position":2,"name":"Loja","item":"https:\/\/www.personare.com.br\/servicos\/busca\/"},{"@type":"ListItem","position":3,"name":"C\u00e2mara de Luz Vibracional e Energ\u00e9tica"}]},{"@type":"WebSite","@id":"https:\/\/www.personare.com.br\/servicos\/#website","url":"https:\/\/www.personare.com.br\/servicos\/","name":"Personare Servi\u00e7os","description":"Agende Consultas e Terapias Online no Personare","publisher":{"@id":"https:\/\/www.personare.com.br\/servicos\/#organization"},"potentialAction":[{"@type":"SearchAction","target":{"@type":"EntryPoint","urlTemplate":"https:\/\/www.personare.com.br\/servicos\/?s={search_term_string}"},"query-input":"required name=search_term_string"}],"inLanguage":"pt-BR"},{"@type":"Organization","@id":"https:\/\/www.personare.com.br\/servicos\/#organization","name":"Personare","url":"https:\/\/www.personare.com.br\/servicos\/","sameAs":[],"logo":{"@type":"ImageObject","inLanguage":"pt-BR","@id":"https:\/\/www.personare.com.br\/servicos\/#\/schema\/logo\/image\/","url":"https:\/\/d2t4cfkrxg4dhd.cloudfront.net\/app\/uploads\/2021\/04\/70295ca5d3b1be44570b5e6d0854fa942edb2ab6.png","contentUrl":"https:\/\/d2t4cfkrxg4dhd.cloudfront.net\/app\/uploads\/2021\/04\/70295ca5d3b1be44570b5e6d0854fa942edb2ab6.png","width":650,"height":554,"caption":"Personare"},"image":{"@id":"https:\/\/www.personare.com.br\/servicos\/#\/schema\/logo\/image\/"}}]}},"_links":{"self":[{"href":"https:\/\/www.personare.com.br\/servicos\/wp-json\/wp\/v2\/product\/18103"}],"collection":[{"href":"https:\/\/www.personare.com.br\/servicos\/wp-json\/wp\/v2\/product"}],"about":[{"href":"https:\/\/www.personare.com.br\/servicos\/wp-json\/wp\/v2\/types\/product"}],"replies":[{"embeddable":true,"href":"https:\/\/www.personare.com.br\/servicos\/wp-json\/wp\/v2\/comments?post=18103"}],"version-history":[{"count":12,"href":"https:\/\/www.personare.com.br\/servicos\/wp-json\/wp\/v2\/product\/18103\/revisions"}],"predecessor-version":[{"id":24496,"href":"https:\/\/www.personare.com.br\/servicos\/wp-json\/wp\/v2\/product\/18103\/revisions\/24496"}],"wp:featuredmedia":[{"embeddable":true,"href":"https:\/\/www.personare.com.br\/servicos\/wp-json\/wp\/v2\/media\/13918"}],"wp:attachment":[{"href":"https:\/\/www.personare.com.br\/servicos\/wp-json\/wp\/v2\/media?parent=18103"}],"wp:term":[{"taxonomy":"product_brand","embeddable":true,"href":"https:\/\/www.personare.com.br\/servicos\/wp-json\/wp\/v2\/product_brand?post=18103"},{"taxonomy":"product_cat","embeddable":true,"href":"https:\/\/www.personare.com.br\/servicos\/wp-json\/wp\/v2\/product_cat?post=18103"},{"taxonomy":"product_tag","embeddable":true,"href":"https:\/\/www.personare.com.br\/servicos\/wp-json\/wp\/v2\/product_tag?post=18103"},{"taxonomy":"areas-da-vida","embeddable":true,"href":"https:\/\/www.personare.com.br\/servicos\/wp-json\/wp\/v2\/areas-da-vida?post=18103"},{"taxonomy":"estudos-e-terapias","embeddable":true,"href":"https:\/\/www.personare.com.br\/servicos\/wp-json\/wp\/v2\/estudos-e-terapias?post=18103"},{"taxonomy":"dores-e-objetivos","embeddable":true,"href":"https:\/\/www.personare.com.br\/servicos\/wp-json\/wp\/v2\/dores-e-objetivos?post=18103"}],"curies":[{"name":"wp","href":"https:\/\/api.w.org\/{rel}","templated":true}]}}