{"version":"1.0","provider_name":"Personare Servi\u00e7os","provider_url":"https:\/\/www.personare.com.br\/servicos","author_name":"Tatiana Magalh\u00e3es","author_url":"https:\/\/www.personare.com.br\/servicos\/store\/tatianamagalhaespsico","title":"Avalia\u00e7\u00e3o Inicial de Psicoterapia - Personare Servi\u00e7os","type":"rich","width":600,"height":338,"html":"<blockquote class=\"wp-embedded-content\" data-secret=\"iLBU8x46oQ\"><a href=\"https:\/\/www.personare.com.br\/servicos\/produto\/avaliacao-inicial-de-psicoterapia-2\/\">Avalia\u00e7\u00e3o Inicial de Psicoterapia<\/a><\/blockquote><iframe sandbox=\"allow-scripts\" security=\"restricted\" src=\"https:\/\/www.personare.com.br\/servicos\/produto\/avaliacao-inicial-de-psicoterapia-2\/embed\/#?secret=iLBU8x46oQ\" width=\"600\" height=\"338\" title=\"&#8220;Avalia\u00e7\u00e3o Inicial de Psicoterapia&#8221; &#8212; Personare Servi\u00e7os\" data-secret=\"iLBU8x46oQ\" frameborder=\"0\" marginwidth=\"0\" marginheight=\"0\" scrolling=\"no\" class=\"wp-embedded-content\"><\/iframe><script type=\"text\/javascript\">\n\/* <![CDATA[ *\/\n\/*! This file is auto-generated *\/\n!function(d,l){\"use strict\";l.querySelector&&d.addEventListener&&\"undefined\"!=typeof URL&&(d.wp=d.wp||{},d.wp.receiveEmbedMessage||(d.wp.receiveEmbedMessage=function(e){var t=e.data;if((t||t.secret||t.message||t.value)&&!\/[^a-zA-Z0-9]\/.test(t.secret)){for(var s,r,n,a=l.querySelectorAll('iframe[data-secret=\"'+t.secret+'\"]'),o=l.querySelectorAll('blockquote[data-secret=\"'+t.secret+'\"]'),c=new RegExp(\"^https?:$\",\"i\"),i=0;i<o.length;i++)o[i].style.display=\"none\";for(i=0;i<a.length;i++)s=a[i],e.source===s.contentWindow&&(s.removeAttribute(\"style\"),\"height\"===t.message?(1e3<(r=parseInt(t.value,10))?r=1e3:~~r<200&&(r=200),s.height=r):\"link\"===t.message&&(r=new URL(s.getAttribute(\"src\")),n=new URL(t.value),c.test(n.protocol))&&n.host===r.host&&l.activeElement===s&&(d.top.location.href=t.value))}},d.addEventListener(\"message\",d.wp.receiveEmbedMessage,!1),l.addEventListener(\"DOMContentLoaded\",function(){for(var e,t,s=l.querySelectorAll(\"iframe.wp-embedded-content\"),r=0;r<s.length;r++)(t=(e=s[r]).getAttribute(\"data-secret\"))||(t=Math.random().toString(36).substring(2,12),e.src+=\"#?secret=\"+t,e.setAttribute(\"data-secret\",t)),e.contentWindow.postMessage({message:\"ready\",secret:t},\"*\")},!1)))}(window,document);\n\/* ]]> *\/\n<\/script>\n","thumbnail_url":"https:\/\/d2t4cfkrxg4dhd.cloudfront.net\/app\/uploads\/2021\/04\/TATIANA-MAGALHAES-1.jpg","thumbnail_width":1593,"thumbnail_height":1410,"description":"Nem sempre conseguimos enxergar sozinhos o que nos trava ou encontrar clareza sobre o que sentimos. \u00c0s vezes, estamos lidando com um turbilh\u00e3o de emo\u00e7\u00f5es sem saber exatamente por onde come\u00e7ar. A avalia\u00e7\u00e3o inicial de psicoterapia \u00e9 o primeiro passo para entender o que voc\u00ea est\u00e1 vivendo e como a terapia pode te ajudar. Essa sess\u00e3o tem um valor reduzido e funciona como uma anamnese: um momento para que voc\u00ea possa falar sobre suas quest\u00f5es, compreender a abordagem terap\u00eautica e definir, junto comigo, a melhor frequ\u00eancia de atendimento para suas necessidades. Se voc\u00ea sente que a ansiedade, a d\u00favida, culpa ou medo t\u00eam te paralisado, se enfrenta um momento de transi\u00e7\u00e3o, luto ou mudan\u00e7a, ou se simplesmente sente que precisa de um espa\u00e7o seguro para entender melhor seus sentimentos, essa sess\u00e3o pode ser um excelente come\u00e7o."}